{"id":25,"date":"2019-01-22T14:59:31","date_gmt":"2019-01-22T13:59:31","guid":{"rendered":"http:\/\/www.schepfla.fr\/?page_id=25"},"modified":"2019-05-23T17:50:13","modified_gmt":"2019-05-23T15:50:13","slug":"elementor-25","status":"publish","type":"page","link":"https:\/\/www.schepfla.fr\/?page_id=25","title":{"rendered":"Le g\u00eete"},"content":{"rendered":"\t\t<div data-elementor-type=\"post\" data-elementor-id=\"25\" class=\"elementor elementor-25\" data-elementor-settings=\"[]\">\n\t\t\t<div class=\"elementor-inner\">\n\t\t\t\t<div class=\"elementor-section-wrap\">\n\t\t\t\t\t\t\t<section data-id=\"950e56b\" class=\"elementor-element elementor-element-950e56b elementor-section-boxed elementor-section-height-default elementor-section-height-default elementor-section elementor-top-section\" data-element_type=\"section\">\n\t\t\t\t\t\t<div class=\"elementor-container elementor-column-gap-default\">\n\t\t\t\t<div class=\"elementor-row\">\n\t\t\t\t<div data-id=\"33fb77f\" class=\"elementor-element elementor-element-33fb77f elementor-column elementor-col-100 elementor-top-column\" data-element_type=\"column\">\n\t\t\t<div class=\"elementor-column-wrap  elementor-element-populated\">\n\t\t\t\t\t<div class=\"elementor-widget-wrap\">\n\t\t\t\t<div data-id=\"f3d9e8e\" class=\"elementor-element elementor-element-f3d9e8e elementor-widget elementor-widget-image\" data-element_type=\"image.default\">\n\t\t\t\t<div class=\"elementor-widget-container\">\n\t\t\t\t\t<div class=\"elementor-image\">\n\t\t\t\t\t\t\t<figure class=\"wp-caption\">\n\t\t\t\t\t\t\t\t\t\t<img width=\"480\" height=\"360\" src=\"https:\/\/www.schepfla.fr\/wp-content\/uploads\/2019\/01\/extPetit.jpg\" class=\"elementor-animation-grow attachment-medium_large size-medium_large\" alt=\"\" loading=\"lazy\" srcset=\"https:\/\/www.schepfla.fr\/wp-content\/uploads\/2019\/01\/extPetit.jpg 480w, https:\/\/www.schepfla.fr\/wp-content\/uploads\/2019\/01\/extPetit-300x225.jpg 300w\" sizes=\"(max-width: 480px) 100vw, 480px\" \/>\t\t\t\t\t\t\t\t\t\t\t<figcaption class=\"widget-image-caption wp-caption-text\"><\/figcaption>\n\t\t\t\t\t\t\t\t\t\t<\/figure>\n\t\t\t\t\t<\/div>\n\t\t\t\t<\/div>\n\t\t\t\t<\/div>\n\t\t\t\t<div data-id=\"66141dc\" class=\"elementor-element elementor-element-66141dc elementor-widget elementor-widget-text-editor\" data-element_type=\"text-editor.default\">\n\t\t\t\t<div class=\"elementor-widget-container\">\n\t\t\t\t\t<div class=\"elementor-text-editor elementor-clearfix\"><p>Le g\u00eete de 55 m\u00b2 pour 2 \u00e0 4 personnes est tout \u00e9quip\u00e9 et class\u00e9 3 \u00e9toiles par classement pr\u00e9fectoral.<\/p><p>Vous pourrez profiter de la grande cour avec salon de jardin pour un barbecue, un ap\u00e9ritif, un repas ou tout simplement profiter du soleil.<\/p><p>Le g\u00eete comprend :<\/p><\/div>\n\t\t\t\t<\/div>\n\t\t\t\t<\/div>\n\t\t\t\t<div data-id=\"c41694c\" class=\"elementor-element elementor-element-c41694c elementor-widget elementor-widget-image-carousel\" data-settings=\"{&quot;slides_to_show&quot;:&quot;1&quot;,&quot;navigation&quot;:&quot;both&quot;,&quot;pause_on_hover&quot;:&quot;yes&quot;,&quot;autoplay&quot;:&quot;yes&quot;,&quot;autoplay_speed&quot;:5000,&quot;infinite&quot;:&quot;yes&quot;,&quot;effect&quot;:&quot;slide&quot;,&quot;speed&quot;:500,&quot;direction&quot;:&quot;ltr&quot;}\" data-element_type=\"image-carousel.default\">\n\t\t\t\t<div class=\"elementor-widget-container\">\n\t\t\t\t\t<div class=\"elementor-image-carousel-wrapper elementor-slick-slider\" dir=\"ltr\">\n\t\t\t<div class=\"elementor-image-carousel slick-arrows-inside slick-dots-outside\">\n\t\t\t\t<div class=\"slick-slide\"><figure class=\"slick-slide-inner\"><img class=\"slick-slide-image\" src=\"https:\/\/www.schepfla.fr\/wp-content\/uploads\/2019\/03\/Sans-titre-1.png\" alt=\"Sans titre 1\" \/><\/figure><\/div><div class=\"slick-slide\"><figure class=\"slick-slide-inner\"><img class=\"slick-slide-image\" src=\"https:\/\/www.schepfla.fr\/wp-content\/uploads\/2019\/01\/IMG_2205-768x576.jpg\" alt=\"IMG_2205\" \/><\/figure><\/div><div class=\"slick-slide\"><figure class=\"slick-slide-inner\"><img class=\"slick-slide-image\" src=\"https:\/\/www.schepfla.fr\/wp-content\/uploads\/2019\/01\/chb-rouge-1-gd-lit-768x576.jpg\" alt=\"chb rouge 1 gd lit\" \/><\/figure><\/div><div class=\"slick-slide\"><figure class=\"slick-slide-inner\"><img class=\"slick-slide-image\" src=\"https:\/\/www.schepfla.fr\/wp-content\/uploads\/2019\/01\/chb-gris-2-lits-768x576.jpg\" alt=\"chb gris 2 lits\" \/><\/figure><\/div>\t\t\t<\/div>\n\t\t<\/div>\n\t\t\t\t<\/div>\n\t\t\t\t<\/div>\n\t\t\t\t<div data-id=\"7c4b1c4\" class=\"elementor-element elementor-element-7c4b1c4 elementor-widget elementor-widget-text-editor\" data-element_type=\"text-editor.default\">\n\t\t\t\t<div class=\"elementor-widget-container\">\n\t\t\t\t\t<div class=\"elementor-text-editor elementor-clearfix\"><p>Le gite comprend 2 chambres :<\/p><p>Chambre 1 :1 lit 140 x 190<\/p><p>Chambre 2 : 2 lits 90 x 190 avec possibilit\u00e9 de rajouter un lit b\u00e9b\u00e9<\/p><\/div>\n\t\t\t\t<\/div>\n\t\t\t\t<\/div>\n\t\t\t\t<div data-id=\"d9bcffb\" class=\"elementor-element elementor-element-d9bcffb elementor-widget elementor-widget-image-carousel\" data-settings=\"{&quot;slides_to_show&quot;:&quot;1&quot;,&quot;navigation&quot;:&quot;both&quot;,&quot;pause_on_hover&quot;:&quot;yes&quot;,&quot;autoplay&quot;:&quot;yes&quot;,&quot;autoplay_speed&quot;:5000,&quot;infinite&quot;:&quot;yes&quot;,&quot;effect&quot;:&quot;slide&quot;,&quot;speed&quot;:500,&quot;direction&quot;:&quot;ltr&quot;}\" data-element_type=\"image-carousel.default\">\n\t\t\t\t<div class=\"elementor-widget-container\">\n\t\t\t\t\t<div class=\"elementor-image-carousel-wrapper elementor-slick-slider\" dir=\"ltr\">\n\t\t\t<div class=\"elementor-image-carousel slick-arrows-inside slick-dots-outside\">\n\t\t\t\t<div class=\"slick-slide\"><figure class=\"slick-slide-inner\"><img class=\"slick-slide-image\" src=\"https:\/\/www.schepfla.fr\/wp-content\/uploads\/2019\/01\/canape.jpg\" alt=\"canape\" \/><\/figure><\/div><div class=\"slick-slide\"><figure class=\"slick-slide-inner\"><img class=\"slick-slide-image\" src=\"https:\/\/www.schepfla.fr\/wp-content\/uploads\/2019\/01\/chaise-e1548168570234.jpg\" alt=\"chaise\" \/><\/figure><\/div><div class=\"slick-slide\"><figure class=\"slick-slide-inner\"><img class=\"slick-slide-image\" src=\"https:\/\/www.schepfla.fr\/wp-content\/uploads\/2019\/01\/salon_canape_-2.jpg\" alt=\"salon_canape_ 2\" \/><\/figure><\/div>\t\t\t<\/div>\n\t\t<\/div>\n\t\t\t\t<\/div>\n\t\t\t\t<\/div>\n\t\t\t\t<div data-id=\"e86c81f\" class=\"elementor-element elementor-element-e86c81f elementor-widget elementor-widget-text-editor\" data-element_type=\"text-editor.default\">\n\t\t\t\t<div class=\"elementor-widget-container\">\n\t\t\t\t\t<div class=\"elementor-text-editor elementor-clearfix\"><p>Un salon (TV \u00e9cran plat),<\/p><\/div>\n\t\t\t\t<\/div>\n\t\t\t\t<\/div>\n\t\t\t\t<div data-id=\"fb61086\" class=\"elementor-element elementor-element-fb61086 elementor-widget elementor-widget-image-carousel\" data-settings=\"{&quot;slides_to_show&quot;:&quot;1&quot;,&quot;navigation&quot;:&quot;both&quot;,&quot;pause_on_hover&quot;:&quot;yes&quot;,&quot;autoplay&quot;:&quot;yes&quot;,&quot;autoplay_speed&quot;:5000,&quot;infinite&quot;:&quot;yes&quot;,&quot;effect&quot;:&quot;slide&quot;,&quot;speed&quot;:500,&quot;direction&quot;:&quot;ltr&quot;}\" data-element_type=\"image-carousel.default\">\n\t\t\t\t<div class=\"elementor-widget-container\">\n\t\t\t\t\t<div class=\"elementor-image-carousel-wrapper elementor-slick-slider\" dir=\"ltr\">\n\t\t\t<div class=\"elementor-image-carousel slick-arrows-inside slick-dots-outside\">\n\t\t\t\t<div class=\"slick-slide\"><figure class=\"slick-slide-inner\"><img class=\"slick-slide-image\" src=\"https:\/\/www.schepfla.fr\/wp-content\/uploads\/2019\/01\/cuisine-2.jpg\" alt=\"cuisine 2\" \/><\/figure><\/div><div class=\"slick-slide\"><figure class=\"slick-slide-inner\"><img class=\"slick-slide-image\" src=\"https:\/\/www.schepfla.fr\/wp-content\/uploads\/2019\/01\/cuisine-1.jpg\" alt=\"cuisine 1\" \/><\/figure><\/div>\t\t\t<\/div>\n\t\t<\/div>\n\t\t\t\t<\/div>\n\t\t\t\t<\/div>\n\t\t\t\t<div data-id=\"abafd77\" class=\"elementor-element elementor-element-abafd77 elementor-widget elementor-widget-text-editor\" data-element_type=\"text-editor.default\">\n\t\t\t\t<div class=\"elementor-widget-container\">\n\t\t\t\t\t<div class=\"elementor-text-editor elementor-clearfix\"><p>Une cuisine ouverte sur le s\u00e9jour toute \u00e9quip\u00e9e avec frigo, plaque de cuisson, four, lave-vaisselle, micro-ondes, cafeti\u00e8re, bouilloire.<\/p><\/div>\n\t\t\t\t<\/div>\n\t\t\t\t<\/div>\n\t\t\t\t<div data-id=\"2d87868\" class=\"elementor-element elementor-element-2d87868 elementor-widget elementor-widget-image-carousel\" data-settings=\"{&quot;slides_to_show&quot;:&quot;1&quot;,&quot;navigation&quot;:&quot;both&quot;,&quot;pause_on_hover&quot;:&quot;yes&quot;,&quot;autoplay&quot;:&quot;yes&quot;,&quot;autoplay_speed&quot;:5000,&quot;infinite&quot;:&quot;yes&quot;,&quot;effect&quot;:&quot;slide&quot;,&quot;speed&quot;:500,&quot;direction&quot;:&quot;ltr&quot;}\" data-element_type=\"image-carousel.default\">\n\t\t\t\t<div class=\"elementor-widget-container\">\n\t\t\t\t\t<div class=\"elementor-image-carousel-wrapper elementor-slick-slider\" dir=\"ltr\">\n\t\t\t<div class=\"elementor-image-carousel slick-arrows-inside slick-dots-outside\">\n\t\t\t\t<div class=\"slick-slide\"><figure class=\"slick-slide-inner\"><img class=\"slick-slide-image\" src=\"https:\/\/www.schepfla.fr\/wp-content\/uploads\/2019\/05\/sdb.jpg\" alt=\"sdb\" \/><\/figure><\/div><div class=\"slick-slide\"><figure class=\"slick-slide-inner\"><img class=\"slick-slide-image\" src=\"https:\/\/www.schepfla.fr\/wp-content\/uploads\/2019\/05\/wc.jpg\" alt=\"wc\" \/><\/figure><\/div>\t\t\t<\/div>\n\t\t<\/div>\n\t\t\t\t<\/div>\n\t\t\t\t<\/div>\n\t\t\t\t<div data-id=\"e254e36\" class=\"elementor-element elementor-element-e254e36 elementor-widget elementor-widget-text-editor\" data-element_type=\"text-editor.default\">\n\t\t\t\t<div class=\"elementor-widget-container\">\n\t\t\t\t\t<div class=\"elementor-text-editor elementor-clearfix\"><p>Une salle de bains avec douche\u00a0 \u00e0 l&rsquo;italienne (lave-linge, s\u00e8che-cheveux), WC s\u00e9par\u00e9s.<\/p><\/div>\n\t\t\t\t<\/div>\n\t\t\t\t<\/div>\n\t\t\t\t\t\t<\/div>\n\t\t\t<\/div>\n\t\t<\/div>\n\t\t\t\t\t\t<\/div>\n\t\t\t<\/div>\n\t\t<\/section>\n\t\t\t\t\t\t<\/div>\n\t\t\t<\/div>\n\t\t<\/div>\n\t\t","protected":false},"excerpt":{"rendered":"<p>Le g\u00eete de 55 m\u00b2 pour 2 \u00e0 4 personnes est tout \u00e9quip\u00e9 et class\u00e9 3 \u00e9toiles par classement pr\u00e9fectoral. Vous pourrez profiter de la grande cour avec salon de jardin pour un barbecue, un ap\u00e9ritif, un repas ou tout simplement profiter du soleil&#8230;.<\/p>\n","protected":false},"author":2,"featured_media":0,"parent":0,"menu_order":0,"comment_status":"closed","ping_status":"closed","template":"elementor_header_footer","meta":[],"_links":{"self":[{"href":"https:\/\/www.schepfla.fr\/index.php?rest_route=\/wp\/v2\/pages\/25"}],"collection":[{"href":"https:\/\/www.schepfla.fr\/index.php?rest_route=\/wp\/v2\/pages"}],"about":[{"href":"https:\/\/www.schepfla.fr\/index.php?rest_route=\/wp\/v2\/types\/page"}],"author":[{"embeddable":true,"href":"https:\/\/www.schepfla.fr\/index.php?rest_route=\/wp\/v2\/users\/2"}],"replies":[{"embeddable":true,"href":"https:\/\/www.schepfla.fr\/index.php?rest_route=%2Fwp%2Fv2%2Fcomments&post=25"}],"version-history":[{"count":38,"href":"https:\/\/www.schepfla.fr\/index.php?rest_route=\/wp\/v2\/pages\/25\/revisions"}],"predecessor-version":[{"id":353,"href":"https:\/\/www.schepfla.fr\/index.php?rest_route=\/wp\/v2\/pages\/25\/revisions\/353"}],"wp:attachment":[{"href":"https:\/\/www.schepfla.fr\/index.php?rest_route=%2Fwp%2Fv2%2Fmedia&parent=25"}],"curies":[{"name":"wp","href":"https:\/\/api.w.org\/{rel}","templated":true}]}}