{"id":133,"date":"2019-01-22T16:58:39","date_gmt":"2019-01-22T15:58:39","guid":{"rendered":"http:\/\/www.schepfla.fr\/?page_id=133"},"modified":"2019-05-23T18:34:32","modified_gmt":"2019-05-23T16:34:32","slug":"magasins-et-marches","status":"publish","type":"page","link":"https:\/\/www.schepfla.fr\/?page_id=133","title":{"rendered":"Magasins et march\u00e9s"},"content":{"rendered":"\t\t<div data-elementor-type=\"post\" data-elementor-id=\"133\" class=\"elementor elementor-133\" data-elementor-settings=\"[]\">\n\t\t\t<div class=\"elementor-inner\">\n\t\t\t\t<div class=\"elementor-section-wrap\">\n\t\t\t\t\t\t\t<section data-id=\"22ec761\" class=\"elementor-element elementor-element-22ec761 elementor-section-boxed elementor-section-height-default elementor-section-height-default elementor-section elementor-top-section\" data-element_type=\"section\">\n\t\t\t\t\t\t<div class=\"elementor-container elementor-column-gap-default\">\n\t\t\t\t<div class=\"elementor-row\">\n\t\t\t\t<div data-id=\"ecc9c0a\" class=\"elementor-element elementor-element-ecc9c0a elementor-column elementor-col-100 elementor-top-column\" data-element_type=\"column\">\n\t\t\t<div class=\"elementor-column-wrap  elementor-element-populated\">\n\t\t\t\t\t<div class=\"elementor-widget-wrap\">\n\t\t\t\t<div data-id=\"2a243dc\" class=\"elementor-element elementor-element-2a243dc elementor-widget elementor-widget-heading\" data-element_type=\"heading.default\">\n\t\t\t\t<div class=\"elementor-widget-container\">\n\t\t\t<h3 class=\"elementor-heading-title elementor-size-default\">Magasins<\/h3>\t\t<\/div>\n\t\t\t\t<\/div>\n\t\t\t\t\t\t<\/div>\n\t\t\t<\/div>\n\t\t<\/div>\n\t\t\t\t\t\t<\/div>\n\t\t\t<\/div>\n\t\t<\/section>\n\t\t\t\t<section data-id=\"c6ea898\" class=\"elementor-element elementor-element-c6ea898 elementor-section-boxed elementor-section-height-default elementor-section-height-default elementor-section elementor-top-section\" data-element_type=\"section\">\n\t\t\t\t\t\t<div class=\"elementor-container elementor-column-gap-default\">\n\t\t\t\t<div class=\"elementor-row\">\n\t\t\t\t<div data-id=\"db9fd26\" class=\"elementor-element elementor-element-db9fd26 elementor-column elementor-col-100 elementor-top-column\" data-element_type=\"column\">\n\t\t\t<div class=\"elementor-column-wrap  elementor-element-populated\">\n\t\t\t\t\t<div class=\"elementor-widget-wrap\">\n\t\t\t\t<div data-id=\"9348ad1\" class=\"elementor-element elementor-element-9348ad1 elementor-icon-list--layout-traditional elementor-widget elementor-widget-icon-list\" data-element_type=\"icon-list.default\">\n\t\t\t\t<div class=\"elementor-widget-container\">\n\t\t\t\t\t<ul class=\"elementor-icon-list-items\">\n\t\t\t\t\t\t\t<li class=\"elementor-icon-list-item\" >\n\t\t\t\t\t\t\t\t\t\t\t<span class=\"elementor-icon-list-icon\">\n\t\t\t\t\t\t\t<i class=\"fa fa-chevron-left\" aria-hidden=\"true\"><\/i>\n\t\t\t\t\t\t<\/span>\n\t\t\t\t\t\t\t\t\t\t<span class=\"elementor-icon-list-text\">Au centre village, la boulangerie est ouverte tous les matins, m\u00eame le dimanche (sauf jour f\u00e9ri\u00e9s).<\/span>\n\t\t\t\t\t\t\t\t\t<\/li>\n\t\t\t\t\t\t\t\t<li class=\"elementor-icon-list-item\" >\n\t\t\t\t\t\t\t\t\t\t\t<span class=\"elementor-icon-list-icon\">\n\t\t\t\t\t\t\t<i class=\"fa fa-chevron-left\" aria-hidden=\"true\"><\/i>\n\t\t\t\t\t\t<\/span>\n\t\t\t\t\t\t\t\t\t\t<span class=\"elementor-icon-list-text\">Bureau de tabac avec petite \u00e9picerie.<\/span>\n\t\t\t\t\t\t\t\t\t<\/li>\n\t\t\t\t\t\t\t\t<li class=\"elementor-icon-list-item\" >\n\t\t\t\t\t\t\t\t\t\t\t<span class=\"elementor-icon-list-icon\">\n\t\t\t\t\t\t\t<i class=\"fa fa-chevron-left\" aria-hidden=\"true\"><\/i>\n\t\t\t\t\t\t<\/span>\n\t\t\t\t\t\t\t\t\t\t<span class=\"elementor-icon-list-text\">Coiffeur.<\/span>\n\t\t\t\t\t\t\t\t\t<\/li>\n\t\t\t\t\t\t\t\t<li class=\"elementor-icon-list-item\" >\n\t\t\t\t\t\t\t\t\t\t\t<span class=\"elementor-icon-list-icon\">\n\t\t\t\t\t\t\t<i class=\"fa fa-chevron-left\" aria-hidden=\"true\"><\/i>\n\t\t\t\t\t\t<\/span>\n\t\t\t\t\t\t\t\t\t\t<span class=\"elementor-icon-list-text\">Station-service - garage Renault.<\/span>\n\t\t\t\t\t\t\t\t\t<\/li>\n\t\t\t\t\t\t\t\t<li class=\"elementor-icon-list-item\" >\n\t\t\t\t\t\t\t\t\t\t\t<span class=\"elementor-icon-list-icon\">\n\t\t\t\t\t\t\t<i class=\"fa fa-chevron-left\" aria-hidden=\"true\"><\/i>\n\t\t\t\t\t\t<\/span>\n\t\t\t\t\t\t\t\t\t\t<span class=\"elementor-icon-list-text\">Vendeurs ambulants de pizzas, pa\u00eblla, poulets r\u00f4tis et repas r\u00e9unionnais.<\/span>\n\t\t\t\t\t\t\t\t\t<\/li>\n\t\t\t\t\t\t\t\t<li class=\"elementor-icon-list-item\" >\n\t\t\t\t\t\t\t\t\t\t\t<span class=\"elementor-icon-list-icon\">\n\t\t\t\t\t\t\t<i class=\"fa fa-check\" aria-hidden=\"true\"><\/i>\n\t\t\t\t\t\t<\/span>\n\t\t\t\t\t\t\t\t\t\t<span class=\"elementor-icon-list-text\">Grandes surfaces \u00e0 4 km.<\/span>\n\t\t\t\t\t\t\t\t\t<\/li>\n\t\t\t\t\t\t<\/ul>\n\t\t\t\t<\/div>\n\t\t\t\t<\/div>\n\t\t\t\t<div data-id=\"18bf9e0\" class=\"elementor-element elementor-element-18bf9e0 elementor-widget elementor-widget-heading\" data-element_type=\"heading.default\">\n\t\t\t\t<div class=\"elementor-widget-container\">\n\t\t\t<h3 class=\"elementor-heading-title elementor-size-default\">March\u00e9s locaux<\/h3>\t\t<\/div>\n\t\t\t\t<\/div>\n\t\t\t\t<div data-id=\"65b9bde\" class=\"elementor-element elementor-element-65b9bde elementor-icon-list--layout-traditional elementor-widget elementor-widget-icon-list\" data-element_type=\"icon-list.default\">\n\t\t\t\t<div class=\"elementor-widget-container\">\n\t\t\t\t\t<ul class=\"elementor-icon-list-items\">\n\t\t\t\t\t\t\t<li class=\"elementor-icon-list-item\" >\n\t\t\t\t\t\t\t\t\t\t\t<span class=\"elementor-icon-list-icon\">\n\t\t\t\t\t\t\t<i class=\"fa fa-chevron-left\" aria-hidden=\"true\"><\/i>\n\t\t\t\t\t\t<\/span>\n\t\t\t\t\t\t\t\t\t\t<span class=\"elementor-icon-list-text\">March\u00e9 \u00e0 Guebwiller (7km) le mardi et vendredi de 7h \u00e0 12h au centre ville.<\/span>\n\t\t\t\t\t\t\t\t\t<\/li>\n\t\t\t\t\t\t\t\t<li class=\"elementor-icon-list-item\" >\n\t\t\t\t\t\t\t\t\t\t\t<span class=\"elementor-icon-list-icon\">\n\t\t\t\t\t\t\t<i class=\"fa fa-chevron-left\" aria-hidden=\"true\"><\/i>\n\t\t\t\t\t\t<\/span>\n\t\t\t\t\t\t\t\t\t\t<span class=\"elementor-icon-list-text\">March\u00e9 de Soultz (10km) le mercredi de 8h \u00e0 12h sur la Place de la R\u00e9publique (au centre, \u00e0 c\u00f4t\u00e9 de l'\u00e9glise).<\/span>\n\t\t\t\t\t\t\t\t\t<\/li>\n\t\t\t\t\t\t\t\t<li class=\"elementor-icon-list-item\" >\n\t\t\t\t\t\t\t\t\t\t\t<span class=\"elementor-icon-list-icon\">\n\t\t\t\t\t\t\t<i class=\"fa fa-chevron-left\" aria-hidden=\"true\"><\/i>\n\t\t\t\t\t\t<\/span>\n\t\t\t\t\t\t\t\t\t\t<span class=\"elementor-icon-list-text\">March\u00e9 de montagne \u00e0 Lautenbach-zell les mardis de Juillet et Ao\u00fbt de 18h \u00e0 21h.<\/span>\n\t\t\t\t\t\t\t\t\t<\/li>\n\t\t\t\t\t\t\t\t<li class=\"elementor-icon-list-item\" >\n\t\t\t\t\t\t\t\t\t\t\t<span class=\"elementor-icon-list-icon\">\n\t\t\t\t\t\t\t<i class=\"fa fa-chevron-left\" aria-hidden=\"true\"><\/i>\n\t\t\t\t\t\t<\/span>\n\t\t\t\t\t\t\t\t\t\t<span class=\"elementor-icon-list-text\">March\u00e9 paysan et produits locaux \u00e0 Wuenheim les premiers samedis du mois de 15h \u00e0 18h.<\/span>\n\t\t\t\t\t\t\t\t\t<\/li>\n\t\t\t\t\t\t\t\t<li class=\"elementor-icon-list-item\" >\n\t\t\t\t\t\t\t\t\t\t\t<span class=\"elementor-icon-list-icon\">\n\t\t\t\t\t\t\t<i class=\"fa fa-chevron-left\" aria-hidden=\"true\"><\/i>\n\t\t\t\t\t\t<\/span>\n\t\t\t\t\t\t\t\t\t\t<span class=\"elementor-icon-list-text\">March\u00e9 de Soultzmatt les jeudis de 8h \u00e0 12h.<\/span>\n\t\t\t\t\t\t\t\t\t<\/li>\n\t\t\t\t\t\t<\/ul>\n\t\t\t\t<\/div>\n\t\t\t\t<\/div>\n\t\t\t\t\t\t<\/div>\n\t\t\t<\/div>\n\t\t<\/div>\n\t\t\t\t\t\t<\/div>\n\t\t\t<\/div>\n\t\t<\/section>\n\t\t\t\t\t\t<\/div>\n\t\t\t<\/div>\n\t\t<\/div>\n\t\t","protected":false},"excerpt":{"rendered":"<p>Magasins Au centre village, la boulangerie est ouverte tous les matins, m\u00eame le dimanche (sauf jour f\u00e9ri\u00e9s). Bureau de tabac avec petite \u00e9picerie. Coiffeur. Station-service &#8211; garage Renault. Vendeurs ambulants de pizzas, pa\u00eblla, poulets r\u00f4tis et repas r\u00e9unionnais. Grandes surfaces \u00e0 4 km. March\u00e9s&#8230;<\/p>\n","protected":false},"author":2,"featured_media":142,"parent":0,"menu_order":0,"comment_status":"closed","ping_status":"closed","template":"","meta":[],"_links":{"self":[{"href":"https:\/\/www.schepfla.fr\/index.php?rest_route=\/wp\/v2\/pages\/133"}],"collection":[{"href":"https:\/\/www.schepfla.fr\/index.php?rest_route=\/wp\/v2\/pages"}],"about":[{"href":"https:\/\/www.schepfla.fr\/index.php?rest_route=\/wp\/v2\/types\/page"}],"author":[{"embeddable":true,"href":"https:\/\/www.schepfla.fr\/index.php?rest_route=\/wp\/v2\/users\/2"}],"replies":[{"embeddable":true,"href":"https:\/\/www.schepfla.fr\/index.php?rest_route=%2Fwp%2Fv2%2Fcomments&post=133"}],"version-history":[{"count":12,"href":"https:\/\/www.schepfla.fr\/index.php?rest_route=\/wp\/v2\/pages\/133\/revisions"}],"predecessor-version":[{"id":358,"href":"https:\/\/www.schepfla.fr\/index.php?rest_route=\/wp\/v2\/pages\/133\/revisions\/358"}],"wp:featuredmedia":[{"embeddable":true,"href":"https:\/\/www.schepfla.fr\/index.php?rest_route=\/wp\/v2\/media\/142"}],"wp:attachment":[{"href":"https:\/\/www.schepfla.fr\/index.php?rest_route=%2Fwp%2Fv2%2Fmedia&parent=133"}],"curies":[{"name":"wp","href":"https:\/\/api.w.org\/{rel}","templated":true}]}}